{"id":5670,"date":"2018-11-05T15:46:20","date_gmt":"2018-11-05T13:46:20","guid":{"rendered":"https:\/\/www.puszczyk.info\/?page_id=5670"},"modified":"2023-11-16T15:55:57","modified_gmt":"2023-11-16T13:55:57","slug":"okresy-polowan-2018","status":"publish","type":"page","link":"https:\/\/www.puszczyk.info\/?page_id=5670","title":{"rendered":"Kalendarz my\u015bliwski"},"content":{"rendered":"\n<figure class=\"wp-block-table is-style-regular\"><table><thead><tr><th>GATUNEK<\/th><th><\/th><th>OKRES POLOWA\u0143<\/th><\/tr><\/thead><tbody><tr><td>\u0141osie (obj\u0119te ochron\u0105)<\/td><td>byki, kl\u0119py, \u0142oszaki<\/td><td>- - -<\/td><\/tr><tr><td rowspan=\"3\">\n<div>Jelenie szlachetne<\/div>\n<\/td><td>byki<\/td><td>21.08 - 28.02<\/td><\/tr><tr><td>\u0142anie<\/td><td>01.09 - 15.01<\/td><\/tr><tr><td>ciel\u0119ta<\/td><td>01.09 - 28.02<\/td><\/tr><tr><td rowspan=\"3\">\n<div>Daniele<\/div>\n<\/td><td>byki<\/td><td>01.09 - 28.02<\/td><\/tr><tr><td>\u0142anie<\/td><td>01.09 - 15.01<\/td><\/tr><tr><td>ciel\u0119ta<\/td><td>01.09 - 28.02<\/td><\/tr><tr><td rowspan=\"2\">\n<div>Sarny<\/div>\n<\/td><td>koz\u0142y<\/td><td>11.05 - 30.09<\/td><\/tr><tr><td>kozy, ko\u017al\u0119ta<\/td><td>01.10 - 15.01<\/td><\/tr><tr><td colspan=\"2\">Dziki<\/td><td>ca\u0142y rok<\/td><\/tr><tr><td rowspan=\"2\">\n<div>Muflony<\/div>\n<\/td><td>tryki<\/td><td>01.10 - 28.02<\/td><\/tr><tr><td>owce, jagni\u0119ta<\/td><td>01.10 - 15.01<\/td><\/tr><tr><td colspan=\"2\">Borsuki<\/td><td>01.09 - 30.11<\/td><\/tr><tr><td colspan=\"2\">Borsuki w obwodach z g\u0142uszcem lub cietrzewiem<\/td><td>ca\u0142y rok<\/td><\/tr><tr><td colspan=\"2\">Tch\u00f3rze, kuny (le\u015bne i domowe)<\/td><td>01.09 - 31.03<\/td><\/tr><tr><td colspan=\"2\">Tch\u00f3rze, kuny (le\u015bne i domowe) w obwodach z g\u0142uszcem lub cietrzewiem<\/td><td>ca\u0142y rok<\/td><\/tr><tr><td colspan=\"2\">Lisy<\/td><td>01.06 - 31.03<\/td><\/tr><tr><td colspan=\"2\">Lisy w obwodach z g\u0142uszcem lub cietrzewiem lub zasiedlanych w ostatnich 2 latach zaj\u0105cem, ba\u017cantem lub kuropatw\u0105<\/td><td>ca\u0142y rok<\/td><\/tr><tr><td colspan=\"2\">Norki ameryka\u0144skie<\/td><td>ca\u0142y rok<\/td><\/tr><tr><td rowspan=\"2\">\n<div>Zaj\u0105ce szaraki<br>i dzikie kr\u00f3liki<\/div>\n<\/td><td>odstrza\u0142<\/td><td>01.11 - 31.12<\/td><\/tr><tr><td>od\u0142owy<\/td><td>01.11 - 15.01<\/td><\/tr><tr><td rowspan=\"2\">\n<div>Ba\u017canty<\/div>\n<\/td><td>koguty<\/td><td>01.10 - 28.02<\/td><\/tr><tr><td>kury - w OHZ z hod.<\/td><td>01.10 - 31.01<\/td><\/tr><tr><td rowspan=\"2\">\n<div>Kuropatwy<\/div>\n<\/td><td>odstrza\u0142<\/td><td>11.09 - 21.10<\/td><\/tr><tr><td>od\u0142owy<\/td><td>11.09 - 15.01<\/td><\/tr><tr><td colspan=\"2\">Kaczki - krzy\u017c\u00f3wki, cyraneczki, g\u0142owienki, czernice<\/td><td>01.09 - 31.12<\/td><\/tr><tr><td rowspan=\"2\">\n<div>G\u0119si: zbo\u017cowe, bia\u0142oczelne<\/div>\n<\/td><td>4 woj. zachodnie *<\/td><td>01.09 - 31.01<\/td><\/tr><tr><td>pozosta\u0142e woj.<\/td><td>01.09 - 21.12<\/td><\/tr><tr><td rowspan=\"2\">\n<div>G\u0119si: g\u0119gawy<\/div>\n<\/td><td>4 woj. zachodnie *<\/td><td>01.09 - 15.01<\/td><\/tr><tr><td>pozosta\u0142e woj.<\/td><td>01.09 - 21.12<\/td><\/tr><tr><td colspan=\"2\">\u0141yski<\/td><td>01.09 - 31.12<\/td><\/tr><tr><td colspan=\"2\">Go\u0142\u0119bie grzywacze<\/td><td>15.08 - 30.11<\/td><\/tr><tr><td colspan=\"2\">S\u0142onki<\/td><td>01.09 - 21.12<\/td><\/tr><tr><td colspan=\"2\">Jarz\u0105bki<\/td><td>01.09 - 30.11<\/td><\/tr><tr><td colspan=\"2\">Szakale z\u0142ociste <\/td><td>01.08 - 28.02<\/td><\/tr><tr><td colspan=\"2\">Szakale z\u0142ociste w obwodach z g\u0142uszcem lub cietrzewiem lub zasiedlanych w ostatnich 2 latach zaj\u0105cem, ba\u017cantem lub kuropatw\u0105<\/td><td>ca\u0142y rok<\/td><\/tr><tr><td colspan=\"3\">* dotyczy wojew\u00f3dztw: zachodniopomorskiego, lubuskiego, wielkopolskiego i dolno\u015bl\u0105skiego<\/td><\/tr><\/tbody><\/table><figcaption class=\"wp-element-caption\">Okresy polowa\u0144 na zwierz\u0119ta \u0142owne.<\/figcaption><\/figure>\n\n\n\n<p>Je\u017celi pocz\u0105tek okresu polowa\u0144 przypada bezpo\u015brednio po dniu lub dniach wolnych od pracy, okres ten rozpoczyna si\u0119 pierwszego dnia wolnego od pracy.<\/p>\n\n\n\n<p>Je\u017celi koniec okresu polowa\u0144 przypada na dzie\u0144 poprzedzaj\u0105cy dzie\u0144 wolny od pracy, okres ten up\u0142ywa z ostatnim dniem wolnym od pracy.<\/p>\n\n\n\n<h2 class=\"wp-block-heading\">IGO - Inwazyjne Gatunki Obce<\/h2>\n\n\n\n<p>Gatunki te w odr\u00f3\u017cnieniu od gatunk\u00f3w \u0142ownych nie wymagaj\u0105 uprzedniego planowania \u0142owieckiego, tj. zaplanowania liczby zwierz\u0105t do pozyskania w drodze odstrza\u0142\u00f3w i od\u0142ow\u00f3w. W rocznym planie \u0142owieckim w odniesieniu do IGO stwarzaj\u0105cych zagro\u017cenie dla Unii\/Polski umieszcza\u0107 si\u0119 b\u0119dzie jedynie liczb\u0119 zaobserwowanych osobnik\u00f3w i pozyskanych w poprzednim roku.<\/p>\n\n\n\n<p>Gatunki te eliminowa\u0107 b\u0119dzie mo\u017cna <strong>przez ca\u0142y rok <\/strong>(nie s\u0105 to gatunki \u0142owne, wi\u0119c nie s\u0105 dla nich przewidziane okresy polowa\u0144 i okresy ochronne) na podstawie upowa\u017cnienia do wykonywania polowania indywidualnego. Posiadanie tego dokumentu upowa\u017cnia do odstrza\u0142u wszystkich zwierz\u0105t IGO stwarzaj\u0105cych zagro\u017cenie dla Unii\/Polski w dowolnej liczbie. W ksi\u0105\u017cce ewidencji pobytu na polowaniu indywidualnym oraz w upowa\u017cnieniu do wykonywania polowania indywidualnego okre\u015bla si\u0119 liczb\u0119 pozyskanych zwierz\u0105t tych IGO<\/p>\n\n\n\n<h3 class=\"wp-block-heading\">Lista gatunk\u00f3w IGO<\/h3>\n\n\n\n<ol class=\"wp-block-list\">\n<li>Burunduk<\/li>\n\n\n\n<li>Koati<\/li>\n\n\n\n<li>Mangusta z\u0142ocista<\/li>\n\n\n\n<li>Mund\u017cak<\/li>\n\n\n\n<li>Nutria<\/li>\n\n\n\n<li><strong>Jenoty<\/strong><\/li>\n\n\n\n<li><strong>Pi\u017cmaki<\/strong><\/li>\n\n\n\n<li><strong>Szopy pracze<\/strong><\/li>\n\n\n\n<li>Wiewi\u00f3rczak rdzawobrzuchy<\/li>\n\n\n\n<li>Wiewi\u00f3rka czarna<\/li>\n\n\n\n<li>Wiewi\u00f3rka szara<\/li>\n\n\n\n<li>Bizon<\/li>\n\n\n\n<li>B\u00f3br kanadyjski<\/li>\n\n\n\n<li>Jele\u0144 aksis<\/li>\n\n\n\n<li><strong>Jele\u0144 sika<\/strong><\/li>\n\n\n\n<li>Jele\u0144 wirginijski<\/li>\n\n\n\n<li>Maral<\/li>\n\n\n\n<li>Wapiti<\/li>\n\n\n\n<li>G\u0119si\u00f3wka egipska<\/li>\n\n\n\n<li>Ibis czczony<\/li>\n\n\n\n<li>Majna brunatna<\/li>\n\n\n\n<li>Sterniczka jamajska<\/li>\n\n\n\n<li>Wrona orientalna<\/li>\n\n\n\n<li>Bernikla kanadyjska<\/li>\n<\/ol>\n\n\n\n<h4 class=\"wp-block-heading\">Na IGO mo\u017cna polowa\u0107 tylko kul\u0105<\/h4>\n\n\n\n<p>Nie mo\u017cna u\u017cy\u0107 broni g\u0142adkolufowej oraz \u015brutu do polowania na jenoty, szopy pracze oraz pi\u017cmaki.<\/p>\n\n\n\n<h4 class=\"wp-block-heading\">Na szopy pracze i jenoty nie polujemy noc\u0105<\/h4>\n\n\n\n<p>W \u015bwietle prawa gatunki te przesta\u0142y by\u0107 drapie\u017cnikami zatem wolno na nie polowa\u0107 wy\u0142\u0105cznie w dzie\u0144 (czyli od wschodu do zachodu s\u0142o\u0144ca).<\/p>\n","protected":false},"excerpt":{"rendered":"<p>GATUNEK OKRES POLOWA\u0143 \u0141osie (obj\u0119te ochron\u0105) byki, kl\u0119py, \u0142oszaki - - - Jelenie szlachetne byki 21.08 - 28.02 \u0142anie 01.09 - 15.01 ciel\u0119ta 01.09 - 28.02 Daniele byki 01.09 - 28.02 \u0142anie 01.09 - 15.01 ciel\u0119ta 01.09 - 28.02 Sarny koz\u0142y 11.05 - 30.09 kozy, ko\u017al\u0119ta 01.10 - 15.01 Dziki ca\u0142y rok Muflony tryki 01.10 <a href=\"https:\/\/www.puszczyk.info\/?page_id=5670\" class=\"more-link\">Czytaj dalej...<span class=\"screen-reader-text\"> \"Kalendarz my\u015bliwski\"<\/span><\/a><\/p>\n","protected":false},"author":5,"featured_media":0,"parent":87,"menu_order":10,"comment_status":"closed","ping_status":"closed","template":"","meta":{"_bbp_topic_count":0,"_bbp_reply_count":0,"_bbp_total_topic_count":0,"_bbp_total_reply_count":0,"_bbp_voice_count":0,"_bbp_anonymous_reply_count":0,"_bbp_topic_count_hidden":0,"_bbp_reply_count_hidden":0,"_bbp_forum_subforum_count":0,"ngg_post_thumbnail":0,"footnotes":""},"class_list":["post-5670","page","type-page","status-publish","h-entry","hentry","h-as-page"],"publishpress_future_action":{"enabled":false,"date":"2026-05-08 15:30:19","action":"change-status","newStatus":"trash","terms":[],"taxonomy":"","extraData":[]},"publishpress_future_workflow_manual_trigger":{"enabledWorkflows":[]},"_links":{"self":[{"href":"https:\/\/www.puszczyk.info\/index.php?rest_route=\/wp\/v2\/pages\/5670","targetHints":{"allow":["GET"]}}],"collection":[{"href":"https:\/\/www.puszczyk.info\/index.php?rest_route=\/wp\/v2\/pages"}],"about":[{"href":"https:\/\/www.puszczyk.info\/index.php?rest_route=\/wp\/v2\/types\/page"}],"author":[{"embeddable":true,"href":"https:\/\/www.puszczyk.info\/index.php?rest_route=\/wp\/v2\/users\/5"}],"replies":[{"embeddable":true,"href":"https:\/\/www.puszczyk.info\/index.php?rest_route=%2Fwp%2Fv2%2Fcomments&post=5670"}],"version-history":[{"count":15,"href":"https:\/\/www.puszczyk.info\/index.php?rest_route=\/wp\/v2\/pages\/5670\/revisions"}],"predecessor-version":[{"id":6529,"href":"https:\/\/www.puszczyk.info\/index.php?rest_route=\/wp\/v2\/pages\/5670\/revisions\/6529"}],"up":[{"embeddable":true,"href":"https:\/\/www.puszczyk.info\/index.php?rest_route=\/wp\/v2\/pages\/87"}],"wp:attachment":[{"href":"https:\/\/www.puszczyk.info\/index.php?rest_route=%2Fwp%2Fv2%2Fmedia&parent=5670"}],"curies":[{"name":"wp","href":"https:\/\/api.w.org\/{rel}","templated":true}]}}